{"id":8051,"date":"2026-04-29T06:53:47","date_gmt":"2026-04-29T06:53:47","guid":{"rendered":"https:\/\/challenge-cesenatico.com\/?page_id=8051"},"modified":"2026-04-30T21:27:00","modified_gmt":"2026-04-30T21:27:00","slug":"viabilita","status":"publish","type":"page","link":"https:\/\/challenge-cesenatico.com\/it\/viabilita\/","title":{"rendered":"Viabilit\u00e0"},"content":{"rendered":"<h2>Viabilit\u00e0 nei Comuni di Cesenatico, Gatteo, Longiano e Cesena<\/h2>\n<p>Si prega di prendere visione della mobilit\u00e0 modificata nei giorni della manifestazione nei Comuni di Cesenatico, Gatteo, Longiano e Cesena.<\/p>\n<h2>COMUNE DI CESENATICO<\/h2>\n<h3>SABATO 9 MAGGIO 2026 &#8211; ZONA MARE<\/h3>\n<p><strong><img loading=\"lazy\" decoding=\"async\" class=\"alignnone wp-image-8103 size-full\" src=\"https:\/\/challenge-cesenatico.com\/wp-content\/uploads\/sites\/48\/2026\/04\/sabato-mare-e1777583827671.jpg\" alt=\"\" width=\"879\" height=\"491\" srcset=\"https:\/\/challenge-cesenatico.com\/wp-content\/uploads\/sites\/48\/2026\/04\/sabato-mare-e1777583827671.jpg 879w, https:\/\/challenge-cesenatico.com\/wp-content\/uploads\/sites\/48\/2026\/04\/sabato-mare-e1777583827671-300x168.jpg 300w, https:\/\/challenge-cesenatico.com\/wp-content\/uploads\/sites\/48\/2026\/04\/sabato-mare-e1777583827671-768x429.jpg 768w, https:\/\/challenge-cesenatico.com\/wp-content\/uploads\/sites\/48\/2026\/04\/sabato-mare-e1777583827671-330x184.jpg 330w, https:\/\/challenge-cesenatico.com\/wp-content\/uploads\/sites\/48\/2026\/04\/sabato-mare-e1777583827671-736x411.jpg 736w, https:\/\/challenge-cesenatico.com\/wp-content\/uploads\/sites\/48\/2026\/04\/sabato-mare-e1777583827671-414x231.jpg 414w\" sizes=\"(max-width: 879px) 100vw, 879px\" \/><\/strong><\/p>\n<p><strong><span style=\"color: #ff0000\">\u25cf<\/span> viale Carducci dalle 00:00 alle 24:00<\/strong> (da via Deledda a via Zara)<br \/>\n<strong><span style=\"color: #000080\">\u25cf<\/span> viale Carducci dalle 8:45 alle ore 11:45 e dalle 12:45 alle 15:30<\/strong> (da via Zara a viale Venezia)<br \/>\n<strong>dalle 15:30 alla 19:00<\/strong> (solo fino a viale Torino)<br \/>\n<strong><span style=\"color: #ff00ff\">\u25cf<\/span> viale Montello dalle 9:00 alle 15:30<\/strong><br \/>\n<strong><span style=\"color: #ff00ff\">\u25cf<\/span> Giardini al Mare dalle 6:00 alle 15:30<\/strong> (da via Montello a via Milano esclusa)<br \/>\n<strong><span style=\"color: #ffcc00\">\u25cf<\/span> viale dei Mille dalle 8:45 alle ore 11:45 e dalle 12:45 alle 15:30 <\/strong>(da via Zara a viale Venezia)<br \/>\n<strong>dalle 15:30 alle 18.00 <\/strong>(solo tratto Zara &#8211; Deledda)<br \/>\n<strong><span style=\"color: #ff99cc\">\u25cf<\/span> viale Carducci dalle 15:30 alle 18:00 <\/strong>(da via Deledda a viale Tiziano)<\/p>\n<h3>SABATO 9 MAGGIO 2026 &#8211; ZONA MONTE<\/h3>\n<p><strong><img loading=\"lazy\" decoding=\"async\" class=\"alignnone size-full wp-image-8107\" src=\"https:\/\/challenge-cesenatico.com\/wp-content\/uploads\/sites\/48\/2026\/04\/sabato-monte.jpg\" alt=\"\" width=\"791\" height=\"636\" srcset=\"https:\/\/challenge-cesenatico.com\/wp-content\/uploads\/sites\/48\/2026\/04\/sabato-monte.jpg 791w, https:\/\/challenge-cesenatico.com\/wp-content\/uploads\/sites\/48\/2026\/04\/sabato-monte-300x241.jpg 300w, https:\/\/challenge-cesenatico.com\/wp-content\/uploads\/sites\/48\/2026\/04\/sabato-monte-768x618.jpg 768w\" sizes=\"(max-width: 791px) 100vw, 791px\" \/><\/strong><\/p>\n<p>&nbsp;<\/p>\n<p><strong>Chiusura dalle 8:45 alle 11:45 e dalle 12:45 alle 15:30<\/strong><br \/>\n<strong>\u25cf via Dante<\/strong><br \/>\n<strong>\u25cf via Fossa<\/strong> (da via Canale Bonificazione a via Litorale Marina)<br \/>\n<strong>\u25cf via Canale Bonificazione<\/strong> (da Rotonda Ponte Rosso a via Fiorentina)<br \/>\n<strong>\u25cf via Pisciatello<\/strong> (da Rotonda Ponte Rosso a via Fiorentina)<br \/>\n<strong>\u25cf via Fiorentina<\/strong> (da via Pisciatello a via Canale Bonificazione)<\/p>\n<h4><strong>Divieto di sosta, con rimozione dalle ore 0:00 di sabato 09 maggio \ufb01no alle ore 19:00 di domenica 10 maggio su tutte le strade coinvolte dai percorsi di gara.<br \/>\nEntrambi gli svincoli della statale di Villamarina saranno chiusi dalle 8:45 alle 11:45 e dalle 12:45 alle 15:30.<br \/>\nDurante gli orari di chiusura via Bramante sar\u00e0 aperta con una solo corsia di marcia regolata da semaforo con orario dalle 8:45 alle 15:30.<\/strong><\/h4>\n<h3>DOMENICA 10 MAGGIO 2026 &#8211; ZONA MARE<\/h3>\n<p><strong><img loading=\"lazy\" decoding=\"async\" class=\"alignnone wp-image-8109 size-full\" src=\"https:\/\/challenge-cesenatico.com\/wp-content\/uploads\/sites\/48\/2026\/04\/domenica-mare-e1777583721151.jpg\" alt=\"\" width=\"871\" height=\"413\" srcset=\"https:\/\/challenge-cesenatico.com\/wp-content\/uploads\/sites\/48\/2026\/04\/domenica-mare-e1777583721151.jpg 871w, https:\/\/challenge-cesenatico.com\/wp-content\/uploads\/sites\/48\/2026\/04\/domenica-mare-e1777583721151-300x142.jpg 300w, https:\/\/challenge-cesenatico.com\/wp-content\/uploads\/sites\/48\/2026\/04\/domenica-mare-e1777583721151-768x364.jpg 768w, https:\/\/challenge-cesenatico.com\/wp-content\/uploads\/sites\/48\/2026\/04\/domenica-mare-e1777583721151-330x156.jpg 330w, https:\/\/challenge-cesenatico.com\/wp-content\/uploads\/sites\/48\/2026\/04\/domenica-mare-e1777583721151-736x349.jpg 736w, https:\/\/challenge-cesenatico.com\/wp-content\/uploads\/sites\/48\/2026\/04\/domenica-mare-e1777583721151-414x196.jpg 414w\" sizes=\"(max-width: 871px) 100vw, 871px\" \/><\/strong><\/p>\n<p><strong><span style=\"color: #ff0000\">\u25cf<\/span> viale Carducci dalle 0:00 alle 24<\/strong> (da via Deledda a via Zara)<br \/>\n<strong><span style=\"color: #339966\">\u25cf<\/span> viale Carducci dalle dalla 6:00 alle 18:00<\/strong> (da via Zara a viale Torino)<br \/>\n<strong><span style=\"color: #ffcc00\">\u25cf<\/span> viale dei Mille dalle 8:00 alle ore 18:00<\/strong> (da Zara a viale Dante inclusi)<br \/>\n<strong><span style=\"color: #000080\">\u25cf<\/span> viale Carducci dalle 11:00 alle 18:00<\/strong> (da via Torino a via Montello)<br \/>\n<strong><span style=\"color: #ff00ff\">\u25cf<\/span> Giardini al Mare dalle 6:00 alle 18:00<\/strong> (da via Montello piazza Costa)<br \/>\n<strong><span style=\"color: #ff00ff\">\u25cf<\/span> viale Montello dalle 6:00 alle 18:00<\/strong><\/p>\n<h3>DOMENICA 10 MAGGIO 2026 &#8211; ZONA MONTE<\/h3>\n<p><strong><img loading=\"lazy\" decoding=\"async\" class=\"alignnone size-full wp-image-8105\" src=\"https:\/\/challenge-cesenatico.com\/wp-content\/uploads\/sites\/48\/2026\/04\/domenica-monte.jpg\" alt=\"\" width=\"785\" height=\"677\" srcset=\"https:\/\/challenge-cesenatico.com\/wp-content\/uploads\/sites\/48\/2026\/04\/domenica-monte.jpg 785w, https:\/\/challenge-cesenatico.com\/wp-content\/uploads\/sites\/48\/2026\/04\/domenica-monte-300x259.jpg 300w, https:\/\/challenge-cesenatico.com\/wp-content\/uploads\/sites\/48\/2026\/04\/domenica-monte-768x662.jpg 768w\" sizes=\"(max-width: 785px) 100vw, 785px\" \/><\/strong><\/p>\n<p><span style=\"color: #c43131\"><strong>Chiusura dalle 8:30 alle 14:30<\/strong><\/span><br \/>\n<strong>\u25cf via Dante<\/strong><br \/>\n<strong>\u25cf via Fossa<\/strong> (da via Canale Bonificazione a via Litorale Marina)<br \/>\n<strong>\u25cf via Fiorentina<\/strong> (da via Pisciatello a via Canale Bonificazione)<br \/>\n<strong>\u25cf via Pisciatello<\/strong> (da rotonda Ponte Rosso a via Fiorentina)<br \/>\n<strong>\u25cf via Vetreto<\/strong> (da via Del Mare a via Capannaguzzo)<\/p>\n<p><span style=\"color: #3ca811\"><strong>Chiusura dalle 8:30 alle 12:00<\/strong><\/span><br \/>\n<strong>\u25cf via Pisciatello<\/strong> (da via Fiorentina a via Canale Bonificazione)<br \/>\n<strong>\u25cf via Canale Bonificazione<\/strong> (da via Pisciatello a via Romagna)<br \/>\n<strong>\u25cf via Romagna<\/strong> (da via Canale Bonificazione a Via Campone)<br \/>\n<strong>\u25cf via Campone<\/strong> (da Via Romagna a via Stradone)<br \/>\n<strong>\u25cf via Stradone<\/strong><\/p>\n<p><span style=\"color: #ffcc00\"><strong>Chiusura dalle 10:30 alle 14:30<\/strong><\/span><br \/>\n<strong>\u25cf via Del Mare<\/strong><br \/>\n<strong>\u25cf via Staggi<\/strong> (da via Mare a via Campone Sala)<br \/>\n<strong>\u25cf via Rigossa Destra<\/strong><br \/>\n<strong>\u25cf via Fiorentina<\/strong> (da via Fenili a via Pisciatello)<br \/>\n<strong>\u25cf Via Vetreto<\/strong> (da via Del Mare a via Capannaguzzo)<\/p>\n<h4><strong>Divieto di sosta, con rimozione dalle ore 0:00 di sabato 09 maggio \ufb01no alle ore 19:00 di domenica 10 maggio su tutte le strade coinvolte dai percorsi di gara.<br \/>\nEntrambi gli svincoli della statale di Villamarina saranno chiusi dalle 8:30 alle 14:30. Durante gli orari di chiusura via Bramante sar\u00e0 aperta con una sola corsia di marcia regolata da semaforo 8:45 alle 14:30.<br \/>\n<\/strong><\/h4>\n<p>\u2022 <a href=\"https:\/\/challenge-cesenatico.com\/wp-content\/uploads\/sites\/48\/2026\/04\/volantino-medio-sprint.pdf\">Scarica il PDF<\/a> della viabilit\u00e0 a Cesenatico<\/p>\n<hr \/>\n<h2>COMUNE DI GATTEO<\/h2>\n<p>Le strade interessate nel Comune di Gatteo dal percorso di gara domenica 10 Maggio 2026 saranno:<br \/>\n<strong>Via Staggi SP97 da Via Vetreto a Via Rigossa Destra, Rotonda Verzaglia, Via Rigossa Destra, Via Galilei<\/strong><\/p>\n<p>e sara\u0300 previsto<\/p>\n<p><strong>&#8211; \u00a0divieto di sosta dalle<\/strong> ore 6.00 alle ore 15.00<br \/>\n<strong>&#8211; \u00a0divieto di transito<\/strong> dalle ore 09.00 alle ore 14.30<\/p>\n<p><strong><img loading=\"lazy\" decoding=\"async\" class=\"alignnone wp-image-8089 \" src=\"https:\/\/challenge-cesenatico.com\/wp-content\/uploads\/sites\/48\/2026\/04\/gatteo-2.jpg\" alt=\"\" width=\"801\" height=\"601\" srcset=\"https:\/\/challenge-cesenatico.com\/wp-content\/uploads\/sites\/48\/2026\/04\/gatteo-2.jpg 1039w, https:\/\/challenge-cesenatico.com\/wp-content\/uploads\/sites\/48\/2026\/04\/gatteo-2-300x225.jpg 300w, https:\/\/challenge-cesenatico.com\/wp-content\/uploads\/sites\/48\/2026\/04\/gatteo-2-1024x769.jpg 1024w, https:\/\/challenge-cesenatico.com\/wp-content\/uploads\/sites\/48\/2026\/04\/gatteo-2-768x577.jpg 768w\" sizes=\"(max-width: 801px) 100vw, 801px\" \/><\/strong><\/p>\n<p><strong> <img loading=\"lazy\" decoding=\"async\" class=\"alignnone wp-image-8087 \" src=\"https:\/\/challenge-cesenatico.com\/wp-content\/uploads\/sites\/48\/2026\/04\/gatteo2-1.jpg\" alt=\"\" width=\"801\" height=\"550\" srcset=\"https:\/\/challenge-cesenatico.com\/wp-content\/uploads\/sites\/48\/2026\/04\/gatteo2-1.jpg 1061w, https:\/\/challenge-cesenatico.com\/wp-content\/uploads\/sites\/48\/2026\/04\/gatteo2-1-300x206.jpg 300w, https:\/\/challenge-cesenatico.com\/wp-content\/uploads\/sites\/48\/2026\/04\/gatteo2-1-1024x704.jpg 1024w, https:\/\/challenge-cesenatico.com\/wp-content\/uploads\/sites\/48\/2026\/04\/gatteo2-1-768x528.jpg 768w\" sizes=\"(max-width: 801px) 100vw, 801px\" \/><\/strong><\/p>\n<p><strong>PERCORSI CONSIGLIATI<\/strong><br \/>\nPer spostamenti da\/verso Villalta Macerone<strong> utilizzare SS16 e via Cesenatico<\/strong><br \/>\nPer spostamenti da\/verso Gatteo Mare<strong> utilizzare via Rubicone<\/strong><br \/>\nPer spostamenti da\/verso Gambettola<strong> utilizzare Via Montanari<\/strong><\/p>\n<p>\u2022 <a href=\"https:\/\/challenge-cesenatico.com\/wp-content\/uploads\/sites\/48\/2026\/04\/volantino-informativo_gatteo.pdf\">Scarica il PDF<\/a> della viabilit\u00e0 a Gatteo<\/p>\n<hr \/>\n<h2>COMUNE DI LONGIANO<\/h2>\n<p>Le strade interessate nel Comune di Longiano dal percorso di gara domenica 10 Maggio 2026 saranno:<br \/>\n<strong>Rotonda Badia\/Montiano, Via Cesena (S.P. 40 Badia-Santa Paola), via Giovanni XXIII, piazza Tre Martiri, via 4 Novembre, via Crocetta, via Balignano, via Massa, Rotonda Budrio, via Badia, via Cesena, Rotonda Badia\/Montiano.<\/strong><br \/>\nLa viabilita\u0300 sara\u0300 sospesa con chiusura totale al traffico veicolare di tutte le strade interessate dalla gara dalle 09:00 alle 14:00 circa di domenica 10 maggio.<br \/>\nSaranno sospesi anche gli attraversamenti pedonali ad esclusioni di quelli presidiati dai Giudici di Gara. Il transito pedonale e\u0300 consentito lungo i marciapiedi e sulle banchine.<br \/>\nNel tratto di via Badia, compreso tra la rotonda di via Massa e la rotonda di via Carducci, saranno create, tramite transenne, due corsie.<br \/>\nGli atleti percorreranno il tratto contromano, mentre i residenti del quartiere la restante carreggiata su cui sara\u0300 introdotto il senso unico alternato.<br \/>\nPer i residenti nel percorso di gara e che avranno necessita\u0300 di uscire in auto, si consiglia di lasciare il mezzo fuori dal percorso di gara.<br \/>\nL\u2019entrata e uscita da Longiano centro sara\u0300 garantita dalla via Montilgallo.<\/p>\n<p>Per maggiori informazioni rivolgersi al Servizio Polizia Locale 0547-666464<\/p>\n<h2><img loading=\"lazy\" decoding=\"async\" class=\"alignnone wp-image-8063\" src=\"https:\/\/challenge-cesenatico.com\/wp-content\/uploads\/sites\/48\/2026\/04\/longiano.jpg\" alt=\"Percorso a Longiano\" width=\"800\" height=\"830\" \/><\/h2>\n<p>\u2022 <a href=\"https:\/\/challenge-cesenatico.com\/wp-content\/uploads\/sites\/48\/2026\/04\/volantino_longiano.pdf\">Scarica il PDF<\/a> della viabilit\u00e0 a Longiano<\/p>\n<hr \/>\n<h2>COMUNE DI CESENA<\/h2>\n<div class=\"page\" title=\"Page 1\">\n<div class=\"layoutArea\">\n<div class=\"column\">\n<p>Le strade interessate nel Comune di Cesena dal percorso di gara domenica 10 Maggio 2026 saranno:<br \/>\n<strong>Provinciale Sala SP 123 da Via Stradone Sala a via Ruffio SP70, Via Ruffio, Via Viadotto Gandhi, Via Violetti SP90, Via Vigo Ruffio fino a Via Emilia Levante, Via Emilia Levante fino a Via Montiano SP115, Via Montiano SP115 e Via Malanotte fino a Via Provinciale Badia SP9, Via II Bulgarn\u00f2, Via Sarzola, Via Pavirana, Via Capannaguzzo,Via Provinciale Sala SP123 da Via Capannaguzzo a Via Ruffio SP70, Via Viadotto Gandhi.<\/strong><\/p>\n<p>E sara\u0300 previsto:<br \/>\n<strong>&#8211; divieto di sosta con rimozione<\/strong> dalle ore 6.00 alle ore 15.00 di domenica 10 Maggio 2026<br \/>\n<strong>&#8211; divieto di transito<\/strong> dalle ore 9.00 alle ore 14.00 di domenica 10 Maggio 2026<strong><br \/>\n<\/strong><br \/>\nGli atleti percorreranno il tragitto in andata e ritorno.<br \/>\n<strong><br \/>\nSTRADA percorribile SS 726 &#8211; Via U. La Malfa (SECANTE in entrambe le direzioni)<\/strong><\/p>\n<div class=\"page\" title=\"Page 2\">\n<div class=\"layoutArea\">\n<div class=\"column\">\n<p><strong>PER SPOSTAMENTI DA E PER FORLI\/RIMINI STRADA PERCORRIBILE SECANTE con ingresso a Ponte Pietra per direzione Rimini con ingresso provenienza Rotonda Rubicone (inizio secante) per direzione Forli<\/strong><br \/>\n(Lo svincolo della SS726 di Case Castagnoli lato provenienze Rimini rimarra\u0300 aperto SOLO e fino per l\u2019accesso al Ristorante I Girasoli, mentre lo svincolo della SS 726 di Case Castagnoli lato provenienze da Forli\u0300 per tutta la durata della Manifestazione).<br \/>\nPresso l\u2019incrocio di Via Emilia Levante con Via Ruffio sara\u0300 allestito un passaggio ciclabile che consentira\u0300 ai ciclisti con bicicletta a mano di procedere sia in direzione Cesena che in direzione Savignano sul Rubicone.<\/p>\n<\/div>\n<\/div>\n<\/div>\n<p><img loading=\"lazy\" decoding=\"async\" class=\"alignnone wp-image-8091 \" src=\"https:\/\/challenge-cesenatico.com\/wp-content\/uploads\/sites\/48\/2026\/04\/uscita-cesenatico-1.jpg\" alt=\"\" width=\"801\" height=\"535\" srcset=\"https:\/\/challenge-cesenatico.com\/wp-content\/uploads\/sites\/48\/2026\/04\/uscita-cesenatico-1.jpg 1054w, https:\/\/challenge-cesenatico.com\/wp-content\/uploads\/sites\/48\/2026\/04\/uscita-cesenatico-1-300x200.jpg 300w, https:\/\/challenge-cesenatico.com\/wp-content\/uploads\/sites\/48\/2026\/04\/uscita-cesenatico-1-1024x684.jpg 1024w, https:\/\/challenge-cesenatico.com\/wp-content\/uploads\/sites\/48\/2026\/04\/uscita-cesenatico-1-768x513.jpg 768w\" sizes=\"(max-width: 801px) 100vw, 801px\" \/><\/p>\n<p><img loading=\"lazy\" decoding=\"async\" class=\"alignnone wp-image-8093 \" src=\"https:\/\/challenge-cesenatico.com\/wp-content\/uploads\/sites\/48\/2026\/04\/bulgarno-1.jpg\" alt=\"\" width=\"801\" height=\"550\" srcset=\"https:\/\/challenge-cesenatico.com\/wp-content\/uploads\/sites\/48\/2026\/04\/bulgarno-1.jpg 1058w, https:\/\/challenge-cesenatico.com\/wp-content\/uploads\/sites\/48\/2026\/04\/bulgarno-1-300x206.jpg 300w, https:\/\/challenge-cesenatico.com\/wp-content\/uploads\/sites\/48\/2026\/04\/bulgarno-1-1024x703.jpg 1024w, https:\/\/challenge-cesenatico.com\/wp-content\/uploads\/sites\/48\/2026\/04\/bulgarno-1-768x527.jpg 768w\" sizes=\"(max-width: 801px) 100vw, 801px\" \/><\/p>\n<p>\u2022 <a href=\"https:\/\/challenge-cesenatico.com\/wp-content\/uploads\/sites\/48\/2026\/04\/volantino-informativo_cesena.pdf\">Scarica il PDF<\/a> della viabilit\u00e0 di Cesena<\/p>\n<\/div>\n<\/div>\n<\/div>\n","protected":false},"excerpt":{"rendered":"<p>Viabilit\u00e0 nei Comuni di Cesenatico, Gatteo, Longiano e Cesena Si prega di prendere visione della mobilit\u00e0 modificata nei giorni della manifestazione nei Comuni di Cesenatico, Gatteo, Longiano e Cesena. COMUNE DI CESENATICO SABATO 9 MAGGIO 2026 &#8211; ZONA MARE \u25cf viale Carducci dalle 00:00 alle 24:00 (da via Deledda a via Zara) \u25cf viale Carducci [&hellip;]<\/p>\n","protected":false},"author":122,"featured_media":0,"parent":0,"menu_order":0,"comment_status":"closed","ping_status":"closed","template":"","meta":{"footnotes":""},"class_list":["post-8051","page","type-page","status-publish","hentry"],"yoast_head":"<!-- This site is optimized with the Yoast SEO plugin v25.6 - https:\/\/yoast.com\/wordpress\/plugins\/seo\/ -->\n<title>Viabilit\u00e0 - Challenge Cesenatico<\/title>\n<meta name=\"robots\" content=\"index, follow, max-snippet:-1, max-image-preview:large, max-video-preview:-1\" \/>\n<link rel=\"canonical\" href=\"https:\/\/challenge-cesenatico.com\/it\/viabilita\/\" \/>\n<meta property=\"og:locale\" content=\"it_IT\" \/>\n<meta property=\"og:type\" content=\"article\" \/>\n<meta property=\"og:title\" content=\"Viabilit\u00e0 - Challenge Cesenatico\" \/>\n<meta property=\"og:description\" content=\"Viabilit\u00e0 nei Comuni di Cesenatico, Gatteo, Longiano e Cesena Si prega di prendere visione della mobilit\u00e0 modificata nei giorni della manifestazione nei Comuni di Cesenatico, Gatteo, Longiano e Cesena. COMUNE DI CESENATICO SABATO 9 MAGGIO 2026 &#8211; ZONA MARE \u25cf viale Carducci dalle 00:00 alle 24:00 (da via Deledda a via Zara) \u25cf viale Carducci [&hellip;]\" \/>\n<meta property=\"og:url\" content=\"https:\/\/challenge-cesenatico.com\/it\/viabilita\/\" \/>\n<meta property=\"og:site_name\" content=\"Challenge Cesenatico\" \/>\n<meta property=\"article:modified_time\" content=\"2026-04-30T21:27:00+00:00\" \/>\n<meta property=\"og:image\" content=\"https:\/\/challenge-cesenatico.com\/wp-content\/uploads\/sites\/48\/2026\/04\/sabato-mare-e1777583827671.jpg\" \/>\n\t<meta property=\"og:image:width\" content=\"879\" \/>\n\t<meta property=\"og:image:height\" content=\"491\" \/>\n\t<meta property=\"og:image:type\" content=\"image\/jpeg\" \/>\n<meta name=\"twitter:card\" content=\"summary_large_image\" \/>\n<meta name=\"twitter:label1\" content=\"Tempo di lettura stimato\" \/>\n\t<meta name=\"twitter:data1\" content=\"7 minuti\" \/>\n<script type=\"application\/ld+json\" class=\"yoast-schema-graph\">{\"@context\":\"https:\/\/schema.org\",\"@graph\":[{\"@type\":\"WebPage\",\"@id\":\"https:\/\/challenge-cesenatico.com\/it\/viabilita\/\",\"url\":\"https:\/\/challenge-cesenatico.com\/it\/viabilita\/\",\"name\":\"Viabilit\u00e0 - Challenge Cesenatico\",\"isPartOf\":{\"@id\":\"https:\/\/challenge-cesenatico.com\/#website\"},\"primaryImageOfPage\":{\"@id\":\"https:\/\/challenge-cesenatico.com\/it\/viabilita\/#primaryimage\"},\"image\":{\"@id\":\"https:\/\/challenge-cesenatico.com\/it\/viabilita\/#primaryimage\"},\"thumbnailUrl\":\"https:\/\/challenge-cesenatico.com\/wp-content\/uploads\/sites\/48\/2026\/04\/sabato-mare-e1777583827671.jpg\",\"datePublished\":\"2026-04-29T06:53:47+00:00\",\"dateModified\":\"2026-04-30T21:27:00+00:00\",\"breadcrumb\":{\"@id\":\"https:\/\/challenge-cesenatico.com\/it\/viabilita\/#breadcrumb\"},\"inLanguage\":\"it-IT\",\"potentialAction\":[{\"@type\":\"ReadAction\",\"target\":[\"https:\/\/challenge-cesenatico.com\/it\/viabilita\/\"]}]},{\"@type\":\"ImageObject\",\"inLanguage\":\"it-IT\",\"@id\":\"https:\/\/challenge-cesenatico.com\/it\/viabilita\/#primaryimage\",\"url\":\"https:\/\/challenge-cesenatico.com\/wp-content\/uploads\/sites\/48\/2026\/04\/sabato-mare-e1777583827671.jpg\",\"contentUrl\":\"https:\/\/challenge-cesenatico.com\/wp-content\/uploads\/sites\/48\/2026\/04\/sabato-mare-e1777583827671.jpg\"},{\"@type\":\"BreadcrumbList\",\"@id\":\"https:\/\/challenge-cesenatico.com\/it\/viabilita\/#breadcrumb\",\"itemListElement\":[{\"@type\":\"ListItem\",\"position\":1,\"name\":\"Home\",\"item\":\"https:\/\/challenge-cesenatico.com\/it\/\"},{\"@type\":\"ListItem\",\"position\":2,\"name\":\"Viabilit\u00e0\"}]},{\"@type\":\"WebSite\",\"@id\":\"https:\/\/challenge-cesenatico.com\/#website\",\"url\":\"https:\/\/challenge-cesenatico.com\/\",\"name\":\"Challenge Cesenatico\",\"description\":\"We are triathlon\",\"potentialAction\":[{\"@type\":\"SearchAction\",\"target\":{\"@type\":\"EntryPoint\",\"urlTemplate\":\"https:\/\/challenge-cesenatico.com\/?s={search_term_string}\"},\"query-input\":{\"@type\":\"PropertyValueSpecification\",\"valueRequired\":true,\"valueName\":\"search_term_string\"}}],\"inLanguage\":\"it-IT\"}]}<\/script>\n<!-- \/ Yoast SEO plugin. -->","yoast_head_json":{"title":"Viabilit\u00e0 - Challenge Cesenatico","robots":{"index":"index","follow":"follow","max-snippet":"max-snippet:-1","max-image-preview":"max-image-preview:large","max-video-preview":"max-video-preview:-1"},"canonical":"https:\/\/challenge-cesenatico.com\/it\/viabilita\/","og_locale":"it_IT","og_type":"article","og_title":"Viabilit\u00e0 - Challenge Cesenatico","og_description":"Viabilit\u00e0 nei Comuni di Cesenatico, Gatteo, Longiano e Cesena Si prega di prendere visione della mobilit\u00e0 modificata nei giorni della manifestazione nei Comuni di Cesenatico, Gatteo, Longiano e Cesena. COMUNE DI CESENATICO SABATO 9 MAGGIO 2026 &#8211; ZONA MARE \u25cf viale Carducci dalle 00:00 alle 24:00 (da via Deledda a via Zara) \u25cf viale Carducci [&hellip;]","og_url":"https:\/\/challenge-cesenatico.com\/it\/viabilita\/","og_site_name":"Challenge Cesenatico","article_modified_time":"2026-04-30T21:27:00+00:00","og_image":[{"width":879,"height":491,"url":"https:\/\/challenge-cesenatico.com\/wp-content\/uploads\/sites\/48\/2026\/04\/sabato-mare-e1777583827671.jpg","type":"image\/jpeg"}],"twitter_card":"summary_large_image","twitter_misc":{"Tempo di lettura stimato":"7 minuti"},"schema":{"@context":"https:\/\/schema.org","@graph":[{"@type":"WebPage","@id":"https:\/\/challenge-cesenatico.com\/it\/viabilita\/","url":"https:\/\/challenge-cesenatico.com\/it\/viabilita\/","name":"Viabilit\u00e0 - Challenge Cesenatico","isPartOf":{"@id":"https:\/\/challenge-cesenatico.com\/#website"},"primaryImageOfPage":{"@id":"https:\/\/challenge-cesenatico.com\/it\/viabilita\/#primaryimage"},"image":{"@id":"https:\/\/challenge-cesenatico.com\/it\/viabilita\/#primaryimage"},"thumbnailUrl":"https:\/\/challenge-cesenatico.com\/wp-content\/uploads\/sites\/48\/2026\/04\/sabato-mare-e1777583827671.jpg","datePublished":"2026-04-29T06:53:47+00:00","dateModified":"2026-04-30T21:27:00+00:00","breadcrumb":{"@id":"https:\/\/challenge-cesenatico.com\/it\/viabilita\/#breadcrumb"},"inLanguage":"it-IT","potentialAction":[{"@type":"ReadAction","target":["https:\/\/challenge-cesenatico.com\/it\/viabilita\/"]}]},{"@type":"ImageObject","inLanguage":"it-IT","@id":"https:\/\/challenge-cesenatico.com\/it\/viabilita\/#primaryimage","url":"https:\/\/challenge-cesenatico.com\/wp-content\/uploads\/sites\/48\/2026\/04\/sabato-mare-e1777583827671.jpg","contentUrl":"https:\/\/challenge-cesenatico.com\/wp-content\/uploads\/sites\/48\/2026\/04\/sabato-mare-e1777583827671.jpg"},{"@type":"BreadcrumbList","@id":"https:\/\/challenge-cesenatico.com\/it\/viabilita\/#breadcrumb","itemListElement":[{"@type":"ListItem","position":1,"name":"Home","item":"https:\/\/challenge-cesenatico.com\/it\/"},{"@type":"ListItem","position":2,"name":"Viabilit\u00e0"}]},{"@type":"WebSite","@id":"https:\/\/challenge-cesenatico.com\/#website","url":"https:\/\/challenge-cesenatico.com\/","name":"Challenge Cesenatico","description":"We are triathlon","potentialAction":[{"@type":"SearchAction","target":{"@type":"EntryPoint","urlTemplate":"https:\/\/challenge-cesenatico.com\/?s={search_term_string}"},"query-input":{"@type":"PropertyValueSpecification","valueRequired":true,"valueName":"search_term_string"}}],"inLanguage":"it-IT"}]}},"_links":{"self":[{"href":"https:\/\/challenge-cesenatico.com\/it\/wp-json\/wp\/v2\/pages\/8051"}],"collection":[{"href":"https:\/\/challenge-cesenatico.com\/it\/wp-json\/wp\/v2\/pages"}],"about":[{"href":"https:\/\/challenge-cesenatico.com\/it\/wp-json\/wp\/v2\/types\/page"}],"author":[{"embeddable":true,"href":"https:\/\/challenge-cesenatico.com\/it\/wp-json\/wp\/v2\/users\/122"}],"replies":[{"embeddable":true,"href":"https:\/\/challenge-cesenatico.com\/it\/wp-json\/wp\/v2\/comments?post=8051"}],"version-history":[{"count":19,"href":"https:\/\/challenge-cesenatico.com\/it\/wp-json\/wp\/v2\/pages\/8051\/revisions"}],"predecessor-version":[{"id":8114,"href":"https:\/\/challenge-cesenatico.com\/it\/wp-json\/wp\/v2\/pages\/8051\/revisions\/8114"}],"wp:attachment":[{"href":"https:\/\/challenge-cesenatico.com\/it\/wp-json\/wp\/v2\/media?parent=8051"}],"curies":[{"name":"wp","href":"https:\/\/api.w.org\/{rel}","templated":true}]}}